{"id":270,"date":"2023-05-22T13:59:53","date_gmt":"2023-05-22T13:59:53","guid":{"rendered":"http:\/\/erasmus.aemigueltorga.pt\/?page_id=270"},"modified":"2023-10-22T23:40:59","modified_gmt":"2023-10-22T22:40:59","slug":"espanha","status":"publish","type":"page","link":"http:\/\/erasmus.aemigueltorga.pt\/?page_id=270","title":{"rendered":"Espanha"},"content":{"rendered":"\n<p><strong>Atividade de aprendizagem no Centro Educativo Ponce de Le\u00f3n, Madrid, Espanha<\/strong><\/p>\n\n\n<div class=\"wp-block-image\">\n<figure class=\"alignright size-large is-resized\"><img loading=\"lazy\" decoding=\"async\" width=\"1024\" height=\"768\" src=\"http:\/\/erasmus.aemigueltorga.pt\/wp-content\/uploads\/2023\/05\/1-1-2-1024x768.jpg\" alt=\"\" class=\"wp-image-278\" style=\"width:269px;height:200px\" srcset=\"http:\/\/erasmus.aemigueltorga.pt\/wp-content\/uploads\/2023\/05\/1-1-2-1024x768.jpg 1024w, http:\/\/erasmus.aemigueltorga.pt\/wp-content\/uploads\/2023\/05\/1-1-2-300x225.jpg 300w, http:\/\/erasmus.aemigueltorga.pt\/wp-content\/uploads\/2023\/05\/1-1-2-768x576.jpg 768w, http:\/\/erasmus.aemigueltorga.pt\/wp-content\/uploads\/2023\/05\/1-1-2-1536x1152.jpg 1536w, http:\/\/erasmus.aemigueltorga.pt\/wp-content\/uploads\/2023\/05\/1-1-2.jpg 2048w\" sizes=\"auto, (max-width: 1024px) 100vw, 1024px\" \/><\/figure>\n<\/div>\n\n\n<p>Nos dias 12 a 16 de fevereiro, um grupo de 8 alunos e 2 professores deslocou-se ao Centro Educativo Ponce de Le\u00f3n, em Madrid, Espanha, uma institui\u00e7\u00e3o inclusiva especializada em surdo-cegueira.<\/p>\n\n\n\n<figure class=\"wp-block-image size-large is-resized\"><img loading=\"lazy\" decoding=\"async\" width=\"1024\" height=\"576\" src=\"http:\/\/erasmus.aemigueltorga.pt\/wp-content\/uploads\/2023\/05\/2-1-2-1024x576.jpg\" alt=\"\" class=\"wp-image-279\" style=\"width:341px;height:191px\" srcset=\"http:\/\/erasmus.aemigueltorga.pt\/wp-content\/uploads\/2023\/05\/2-1-2-1024x576.jpg 1024w, http:\/\/erasmus.aemigueltorga.pt\/wp-content\/uploads\/2023\/05\/2-1-2-300x169.jpg 300w, http:\/\/erasmus.aemigueltorga.pt\/wp-content\/uploads\/2023\/05\/2-1-2-768x432.jpg 768w, http:\/\/erasmus.aemigueltorga.pt\/wp-content\/uploads\/2023\/05\/2-1-2-1536x864.jpg 1536w, http:\/\/erasmus.aemigueltorga.pt\/wp-content\/uploads\/2023\/05\/2-1-2.jpg 1920w\" sizes=\"auto, (max-width: 1024px) 100vw, 1024px\" \/><\/figure>\n\n\n<div class=\"wp-block-image\">\n<figure class=\"alignright size-large is-resized\"><img loading=\"lazy\" decoding=\"async\" width=\"1024\" height=\"768\" src=\"http:\/\/erasmus.aemigueltorga.pt\/wp-content\/uploads\/2023\/05\/6-1-1-1024x768.jpg\" alt=\"\" class=\"wp-image-283\" style=\"width:395px;height:296px\" srcset=\"http:\/\/erasmus.aemigueltorga.pt\/wp-content\/uploads\/2023\/05\/6-1-1-1024x768.jpg 1024w, http:\/\/erasmus.aemigueltorga.pt\/wp-content\/uploads\/2023\/05\/6-1-1-300x225.jpg 300w, http:\/\/erasmus.aemigueltorga.pt\/wp-content\/uploads\/2023\/05\/6-1-1-768x576.jpg 768w, http:\/\/erasmus.aemigueltorga.pt\/wp-content\/uploads\/2023\/05\/6-1-1-1536x1152.jpg 1536w, http:\/\/erasmus.aemigueltorga.pt\/wp-content\/uploads\/2023\/05\/6-1-1.jpg 2000w\" sizes=\"auto, (max-width: 1024px) 100vw, 1024px\" \/><\/figure>\n<\/div>\n\n\n<p>Nesta institui\u00e7\u00e3o os participantes tiveram oportunidade de contactar com alunos com problemas de surdez e cegueira, aprender no\u00e7\u00f5es b\u00e1sicas de l\u00edngua gestual espanhola, desenvolver os conhecimentos desta l\u00edngua, bem como da l\u00edngua inglesa, e tratar o tema do meio ambiente atrav\u00e9s da realiza\u00e7\u00e3o de posters e da cria\u00e7\u00e3o de slogans alusivos, gravados em v\u00eddeo, com tradu\u00e7\u00e3o em portugu\u00eas, espanhol, ingl\u00eas e l\u00edngua gestual espanhola. Tamb\u00e9m visitaram o horto da escola, gravaram os slogans, e fizeram edi\u00e7\u00e3o de v\u00eddeo atrav\u00e9s do uso de v\u00e1rias ferramentas digitais.<\/p>\n\n\n\n<div class=\"wp-block-media-text alignwide is-stacked-on-mobile\"><figure class=\"wp-block-media-text__media\"><img loading=\"lazy\" decoding=\"async\" width=\"1024\" height=\"472\" src=\"http:\/\/erasmus.aemigueltorga.pt\/wp-content\/uploads\/2023\/05\/9-1-2-1024x472.jpg\" alt=\"\" class=\"wp-image-284 size-full\" srcset=\"http:\/\/erasmus.aemigueltorga.pt\/wp-content\/uploads\/2023\/05\/9-1-2-1024x472.jpg 1024w, http:\/\/erasmus.aemigueltorga.pt\/wp-content\/uploads\/2023\/05\/9-1-2-300x138.jpg 300w, http:\/\/erasmus.aemigueltorga.pt\/wp-content\/uploads\/2023\/05\/9-1-2-768x354.jpg 768w, http:\/\/erasmus.aemigueltorga.pt\/wp-content\/uploads\/2023\/05\/9-1-2-1536x708.jpg 1536w, http:\/\/erasmus.aemigueltorga.pt\/wp-content\/uploads\/2023\/05\/9-1-2.jpg 1600w\" sizes=\"auto, (max-width: 1024px) 100vw, 1024px\" \/><\/figure><div class=\"wp-block-media-text__content\">\n<p>Como atividades culturais realizaram uma visita guiada pela Madrid dos \u00c1ustrias, visitaram uma exposi\u00e7\u00e3o imersiva sobre Tutankamon, o Jardim do Retiro e o Museu do Prado.<\/p>\n<\/div><\/div>\n\n\n\n<figure class=\"wp-block-embed is-type-video is-provider-youtube wp-block-embed-youtube wp-embed-aspect-16-9 wp-has-aspect-ratio\"><div class=\"wp-block-embed__wrapper\">\n<iframe loading=\"lazy\" title=\"Air pollution\" width=\"640\" height=\"360\" src=\"https:\/\/www.youtube.com\/embed\/2vPYslaWDoQ?feature=oembed\" frameborder=\"0\" allow=\"accelerometer; autoplay; clipboard-write; encrypted-media; gyroscope; picture-in-picture; web-share\" referrerpolicy=\"strict-origin-when-cross-origin\" allowfullscreen><\/iframe>\n<\/div><\/figure>\n\n\n\n<figure class=\"wp-block-embed is-type-video is-provider-youtube wp-block-embed-youtube wp-embed-aspect-16-9 wp-has-aspect-ratio\"><div class=\"wp-block-embed__wrapper\">\n<iframe loading=\"lazy\" title=\"Wildfires\" width=\"640\" height=\"360\" src=\"https:\/\/www.youtube.com\/embed\/o48Mld7uym4?feature=oembed\" frameborder=\"0\" allow=\"accelerometer; autoplay; clipboard-write; encrypted-media; gyroscope; picture-in-picture; web-share\" referrerpolicy=\"strict-origin-when-cross-origin\" allowfullscreen><\/iframe>\n<\/div><\/figure>\n\n\n\n<figure class=\"wp-block-embed is-type-video is-provider-youtube wp-block-embed-youtube wp-embed-aspect-16-9 wp-has-aspect-ratio\"><div class=\"wp-block-embed__wrapper\">\n<iframe loading=\"lazy\" title=\"Floods\" width=\"640\" height=\"360\" src=\"https:\/\/www.youtube.com\/embed\/OaCBkUVT2Zw?feature=oembed\" frameborder=\"0\" allow=\"accelerometer; autoplay; clipboard-write; encrypted-media; gyroscope; picture-in-picture; web-share\" referrerpolicy=\"strict-origin-when-cross-origin\" allowfullscreen><\/iframe>\n<\/div><\/figure>\n\n\n\n<figure class=\"wp-block-embed is-type-video is-provider-youtube wp-block-embed-youtube wp-embed-aspect-16-9 wp-has-aspect-ratio\"><div class=\"wp-block-embed__wrapper\">\n<iframe loading=\"lazy\" title=\"Overcomsumption\" width=\"640\" height=\"360\" src=\"https:\/\/www.youtube.com\/embed\/7_T7P9wuUhc?feature=oembed\" frameborder=\"0\" allow=\"accelerometer; autoplay; clipboard-write; encrypted-media; gyroscope; picture-in-picture; web-share\" referrerpolicy=\"strict-origin-when-cross-origin\" allowfullscreen><\/iframe>\n<\/div><\/figure>\n\n\n\n<figure class=\"wp-block-gallery has-nested-images columns-default is-cropped wp-block-gallery-1 is-layout-flex wp-block-gallery-is-layout-flex\">\n<figure class=\"wp-block-image\"><img decoding=\"async\" src=\"blob:http:\/\/erasmus.aemigueltorga.pt\/9f5c6231-a846-4cc7-839a-4c71f6874053\" alt=\"\"\/><\/figure>\n<\/figure>\n\n\n\n<figure class=\"wp-block-gallery has-nested-images columns-default is-cropped wp-block-gallery-2 is-layout-flex wp-block-gallery-is-layout-flex\">\n<figure class=\"wp-block-image size-large\"><img loading=\"lazy\" decoding=\"async\" width=\"1024\" height=\"576\" data-id=\"671\" src=\"http:\/\/erasmus.aemigueltorga.pt\/wp-content\/uploads\/2023\/10\/Eslogan-Air-Pollution-1_page-0001-1-1024x576.jpg\" alt=\"\" class=\"wp-image-671\" srcset=\"http:\/\/erasmus.aemigueltorga.pt\/wp-content\/uploads\/2023\/10\/Eslogan-Air-Pollution-1_page-0001-1-1024x576.jpg 1024w, http:\/\/erasmus.aemigueltorga.pt\/wp-content\/uploads\/2023\/10\/Eslogan-Air-Pollution-1_page-0001-1-300x169.jpg 300w, http:\/\/erasmus.aemigueltorga.pt\/wp-content\/uploads\/2023\/10\/Eslogan-Air-Pollution-1_page-0001-1-768x432.jpg 768w, http:\/\/erasmus.aemigueltorga.pt\/wp-content\/uploads\/2023\/10\/Eslogan-Air-Pollution-1_page-0001-1-1536x864.jpg 1536w, http:\/\/erasmus.aemigueltorga.pt\/wp-content\/uploads\/2023\/10\/Eslogan-Air-Pollution-1_page-0001-1-2048x1152.jpg 2048w\" sizes=\"auto, (max-width: 1024px) 100vw, 1024px\" \/><\/figure>\n<\/figure>\n\n\n\n<figure class=\"wp-block-image size-full\"><img loading=\"lazy\" decoding=\"async\" width=\"782\" height=\"782\" src=\"http:\/\/erasmus.aemigueltorga.pt\/wp-content\/uploads\/2023\/10\/Slogan-Banner-Wilfires_page-0001-2.jpg\" alt=\"\" class=\"wp-image-672\" srcset=\"http:\/\/erasmus.aemigueltorga.pt\/wp-content\/uploads\/2023\/10\/Slogan-Banner-Wilfires_page-0001-2.jpg 782w, http:\/\/erasmus.aemigueltorga.pt\/wp-content\/uploads\/2023\/10\/Slogan-Banner-Wilfires_page-0001-2-300x300.jpg 300w, http:\/\/erasmus.aemigueltorga.pt\/wp-content\/uploads\/2023\/10\/Slogan-Banner-Wilfires_page-0001-2-150x150.jpg 150w, http:\/\/erasmus.aemigueltorga.pt\/wp-content\/uploads\/2023\/10\/Slogan-Banner-Wilfires_page-0001-2-768x768.jpg 768w\" sizes=\"auto, (max-width: 782px) 100vw, 782px\" \/><\/figure>\n\n\n\n<figure class=\"wp-block-image size-large\"><img loading=\"lazy\" decoding=\"async\" width=\"1024\" height=\"576\" src=\"http:\/\/erasmus.aemigueltorga.pt\/wp-content\/uploads\/2023\/10\/Slogan-floods_page-0001-1024x576.jpg\" alt=\"\" class=\"wp-image-673\" srcset=\"http:\/\/erasmus.aemigueltorga.pt\/wp-content\/uploads\/2023\/10\/Slogan-floods_page-0001-1024x576.jpg 1024w, http:\/\/erasmus.aemigueltorga.pt\/wp-content\/uploads\/2023\/10\/Slogan-floods_page-0001-300x169.jpg 300w, http:\/\/erasmus.aemigueltorga.pt\/wp-content\/uploads\/2023\/10\/Slogan-floods_page-0001-768x432.jpg 768w, http:\/\/erasmus.aemigueltorga.pt\/wp-content\/uploads\/2023\/10\/Slogan-floods_page-0001-1536x864.jpg 1536w, http:\/\/erasmus.aemigueltorga.pt\/wp-content\/uploads\/2023\/10\/Slogan-floods_page-0001-2048x1152.jpg 2048w\" sizes=\"auto, (max-width: 1024px) 100vw, 1024px\" \/><\/figure>\n","protected":false},"excerpt":{"rendered":"<p>Atividade de aprendizagem no Centro Educativo Ponce de Le\u00f3n, Madrid, Espanha Nos dias 12 a 16 de fevereiro, um grupo de 8 alunos e 2 professores deslocou-se ao Centro Educativo Ponce de Le\u00f3n, em Madrid, Espanha, uma institui\u00e7\u00e3o inclusiva especializada &hellip; <a href=\"http:\/\/erasmus.aemigueltorga.pt\/?page_id=270\">Continuar a ler <span class=\"meta-nav\">&rarr;<\/span><\/a><\/p>\n","protected":false},"author":2,"featured_media":0,"parent":0,"menu_order":0,"comment_status":"closed","ping_status":"closed","template":"","meta":{"footnotes":""},"class_list":["post-270","page","type-page","status-publish","hentry"],"_links":{"self":[{"href":"http:\/\/erasmus.aemigueltorga.pt\/index.php?rest_route=\/wp\/v2\/pages\/270","targetHints":{"allow":["GET"]}}],"collection":[{"href":"http:\/\/erasmus.aemigueltorga.pt\/index.php?rest_route=\/wp\/v2\/pages"}],"about":[{"href":"http:\/\/erasmus.aemigueltorga.pt\/index.php?rest_route=\/wp\/v2\/types\/page"}],"author":[{"embeddable":true,"href":"http:\/\/erasmus.aemigueltorga.pt\/index.php?rest_route=\/wp\/v2\/users\/2"}],"replies":[{"embeddable":true,"href":"http:\/\/erasmus.aemigueltorga.pt\/index.php?rest_route=%2Fwp%2Fv2%2Fcomments&post=270"}],"version-history":[{"count":11,"href":"http:\/\/erasmus.aemigueltorga.pt\/index.php?rest_route=\/wp\/v2\/pages\/270\/revisions"}],"predecessor-version":[{"id":675,"href":"http:\/\/erasmus.aemigueltorga.pt\/index.php?rest_route=\/wp\/v2\/pages\/270\/revisions\/675"}],"wp:attachment":[{"href":"http:\/\/erasmus.aemigueltorga.pt\/index.php?rest_route=%2Fwp%2Fv2%2Fmedia&parent=270"}],"curies":[{"name":"wp","href":"https:\/\/api.w.org\/{rel}","templated":true}]}}