{"id":91,"date":"2023-05-15T09:23:03","date_gmt":"2023-05-15T09:23:03","guid":{"rendered":"http:\/\/erasmus.aemigueltorga.pt\/?page_id=91"},"modified":"2023-12-18T19:33:11","modified_gmt":"2023-12-18T18:33:11","slug":"job-shadowing","status":"publish","type":"page","link":"http:\/\/erasmus.aemigueltorga.pt\/?page_id=91","title":{"rendered":"Job Shadowing"},"content":{"rendered":"\n<div class=\"wp-block-group\"><div class=\"wp-block-group__inner-container is-layout-constrained wp-block-group-is-layout-constrained\">\n<hr class=\"wp-block-separator has-alpha-channel-opacity\"\/>\n\n\n\n<p><strong>Miguel Esteban, Espanha,<\/strong> <strong>16 a 19 de maio de 2023<\/strong><\/p>\n\n\n<div class=\"wp-block-image\">\n<figure class=\"aligncenter size-large is-resized\"><img loading=\"lazy\" decoding=\"async\" width=\"1024\" height=\"498\" src=\"http:\/\/erasmus.aemigueltorga.pt\/wp-content\/uploads\/2023\/05\/2-5-1024x498.jpg\" alt=\"\" class=\"wp-image-412\" style=\"width:372px;height:180px\" srcset=\"http:\/\/erasmus.aemigueltorga.pt\/wp-content\/uploads\/2023\/05\/2-5-1024x498.jpg 1024w, http:\/\/erasmus.aemigueltorga.pt\/wp-content\/uploads\/2023\/05\/2-5-300x146.jpg 300w, http:\/\/erasmus.aemigueltorga.pt\/wp-content\/uploads\/2023\/05\/2-5-768x373.jpg 768w, http:\/\/erasmus.aemigueltorga.pt\/wp-content\/uploads\/2023\/05\/2-5-1536x746.jpg 1536w, http:\/\/erasmus.aemigueltorga.pt\/wp-content\/uploads\/2023\/05\/2-5.jpg 2048w\" sizes=\"auto, (max-width: 1024px) 100vw, 1024px\" \/><\/figure>\n<\/div>\n\n\n<p>As docentes Cec\u00edlia Falc\u00e3o e Rosa Sobral participaram numa atividade de Job Shadowing (observa\u00e7\u00e3o de pr\u00e1ticas) na escola IESO Juan Pati\u00f1o Torres, Miguel Esteban (Castilla La Mancha), que tinha como objetivo a observa\u00e7\u00e3o de pr\u00e1ticas de inclus\u00e3o, os uso de novas metodologias, projetos desenvolvidos na institui\u00e7\u00e3o e as din\u00e2micas da biblioteca escolar.<\/p>\n\n\n<div class=\"wp-block-image\">\n<figure class=\"aligncenter size-large is-resized\"><img loading=\"lazy\" decoding=\"async\" width=\"1024\" height=\"576\" src=\"http:\/\/erasmus.aemigueltorga.pt\/wp-content\/uploads\/2023\/05\/3-4-1024x576.jpg\" alt=\"\" class=\"wp-image-413\" style=\"width:398px;height:223px\" srcset=\"http:\/\/erasmus.aemigueltorga.pt\/wp-content\/uploads\/2023\/05\/3-4-1024x576.jpg 1024w, http:\/\/erasmus.aemigueltorga.pt\/wp-content\/uploads\/2023\/05\/3-4-300x169.jpg 300w, http:\/\/erasmus.aemigueltorga.pt\/wp-content\/uploads\/2023\/05\/3-4-768x432.jpg 768w, http:\/\/erasmus.aemigueltorga.pt\/wp-content\/uploads\/2023\/05\/3-4-1536x864.jpg 1536w, http:\/\/erasmus.aemigueltorga.pt\/wp-content\/uploads\/2023\/05\/3-4.jpg 2000w\" sizes=\"auto, (max-width: 1024px) 100vw, 1024px\" \/><\/figure>\n<\/div>\n\n\n<p>Descri\u00e7\u00e3o da atividade:<\/p>\n\n\n\n<p><strong>1\u00ba Dia<\/strong><\/p>\n\n\n\n<p>Apresenta\u00e7\u00e3o do Programa \u201cAluno Ajudante\u201d, do \u201cPlano de Leitura\u201d, do \u201cPlano Lemos CLM\u201d e do \u201cPlano de Igualdade\u201d;<\/p>\n\n\n\n<p>Observa\u00e7\u00e3o de uma aula onde foram utilizadas novas metodologias interativas;<\/p>\n\n\n\n<p>Representa\u00e7\u00e3o pelos alunos de um projecto transversal com base em romances do cancioneiro tradicional;<\/p>\n\n\n\n<p>Programa cultural &#8211; visita aos Moinhos e Museu do Campo de Criptana.<\/p>\n\n\n\n<p><strong>2\u00ba Dia<\/strong><\/p>\n\n\n\n<p>Pequeno-almo\u00e7o saud\u00e1vel organizado pela Associa\u00e7\u00e3o de Pais para toda a comunidade educativa;<\/p>\n\n\n<div class=\"wp-block-image\">\n<figure class=\"alignleft size-large is-resized\"><img loading=\"lazy\" decoding=\"async\" width=\"1024\" height=\"576\" src=\"http:\/\/erasmus.aemigueltorga.pt\/wp-content\/uploads\/2023\/05\/4-4-1-1024x576.jpg\" alt=\"\" class=\"wp-image-415\" style=\"width:379px;height:212px\" srcset=\"http:\/\/erasmus.aemigueltorga.pt\/wp-content\/uploads\/2023\/05\/4-4-1-1024x576.jpg 1024w, http:\/\/erasmus.aemigueltorga.pt\/wp-content\/uploads\/2023\/05\/4-4-1-300x169.jpg 300w, http:\/\/erasmus.aemigueltorga.pt\/wp-content\/uploads\/2023\/05\/4-4-1-768x432.jpg 768w, http:\/\/erasmus.aemigueltorga.pt\/wp-content\/uploads\/2023\/05\/4-4-1-1536x864.jpg 1536w, http:\/\/erasmus.aemigueltorga.pt\/wp-content\/uploads\/2023\/05\/4-4-1.jpg 2000w\" sizes=\"auto, (max-width: 1024px) 100vw, 1024px\" \/><\/figure>\n<\/div>\n\n\n<p>Observa\u00e7\u00e3o de uma aula de Artes c\u00e9nicas e dan\u00e7a;<\/p>\n\n\n\n<p>Apresenta\u00e7\u00e3o de novas tecnologias utilizadas em sala de aula;<\/p>\n\n\n\n<p>Apresenta\u00e7\u00e3o de metodologias aplicadas no ensino da l\u00edngua inglesa;<\/p>\n\n\n\n<p>Programa cultural &#8211; almo\u00e7o-conv\u00edvio (paella) no jardim da escola e visita a espa\u00e7os evocativos de Cervantes e do universo de Don Quijote de la Mancha e Dulcineia (El Toboso, Alc\u00e1zar de San Juan).<\/p>\n\n\n\n<p><strong>3\u00ba Dia<\/strong><\/p>\n\n\n<div class=\"wp-block-image\">\n<figure class=\"alignright size-large is-resized\"><img loading=\"lazy\" decoding=\"async\" width=\"1024\" height=\"498\" src=\"http:\/\/erasmus.aemigueltorga.pt\/wp-content\/uploads\/2023\/05\/6-3-1024x498.jpg\" alt=\"\" class=\"wp-image-416\" style=\"width:394px;height:191px\" srcset=\"http:\/\/erasmus.aemigueltorga.pt\/wp-content\/uploads\/2023\/05\/6-3-1024x498.jpg 1024w, http:\/\/erasmus.aemigueltorga.pt\/wp-content\/uploads\/2023\/05\/6-3-300x146.jpg 300w, http:\/\/erasmus.aemigueltorga.pt\/wp-content\/uploads\/2023\/05\/6-3-768x373.jpg 768w, http:\/\/erasmus.aemigueltorga.pt\/wp-content\/uploads\/2023\/05\/6-3-1536x746.jpg 1536w, http:\/\/erasmus.aemigueltorga.pt\/wp-content\/uploads\/2023\/05\/6-3.jpg 1599w\" sizes=\"auto, (max-width: 1024px) 100vw, 1024px\" \/><\/figure>\n<\/div>\n\n\n<p>Apresenta\u00e7\u00e3o do Projeto Europeu: \u201c Aula do Futuro\u201d \u2013 Future classroom lab ;<\/p>\n\n\n\n<p>Visita ao parque de reserva ornitol\u00f3gica \u201cLos charcones\u201d e a um centro de educa\u00e7\u00e3o prim\u00e1ria e ao infant\u00e1rio;<\/p>\n\n\n\n<p>Visita a uma exposi\u00e7\u00e3o intitulada \u201cFiguras vivientes\u201d;<\/p>\n\n\n\n<p>Observa\u00e7\u00e3o de uma aula bilingue (espanhol\/ingl\u00eas) na disciplina de Hist\u00f3ria e Geografia.<\/p>\n\n\n\n<p><strong>4\u00ba Dia<\/strong><\/p>\n\n\n<div class=\"wp-block-image\">\n<figure class=\"alignleft size-large is-resized\"><img loading=\"lazy\" decoding=\"async\" width=\"1024\" height=\"498\" src=\"http:\/\/erasmus.aemigueltorga.pt\/wp-content\/uploads\/2023\/05\/7-2-1024x498.jpg\" alt=\"\" class=\"wp-image-417\" style=\"width:359px;height:174px\" srcset=\"http:\/\/erasmus.aemigueltorga.pt\/wp-content\/uploads\/2023\/05\/7-2-1024x498.jpg 1024w, http:\/\/erasmus.aemigueltorga.pt\/wp-content\/uploads\/2023\/05\/7-2-300x146.jpg 300w, http:\/\/erasmus.aemigueltorga.pt\/wp-content\/uploads\/2023\/05\/7-2-768x373.jpg 768w, http:\/\/erasmus.aemigueltorga.pt\/wp-content\/uploads\/2023\/05\/7-2-1536x746.jpg 1536w, http:\/\/erasmus.aemigueltorga.pt\/wp-content\/uploads\/2023\/05\/7-2.jpg 2048w\" sizes=\"auto, (max-width: 1024px) 100vw, 1024px\" \/><\/figure>\n<\/div>\n\n\n<p>Observa\u00e7\u00e3o de uma aula de Projetos de Artes Pl\u00e1sticas;<\/p>\n\n\n\n<p>Observa\u00e7\u00e3o de uma aula de Matem\u00e1tica, exemplos de atividade articulada com o \u201cPlan Lector\u201d e outra com o Departamento de M\u00fasica;<\/p>\n\n\n\n<p>Observa\u00e7\u00e3o de uma aula de m\u00fasica (opcional, com alunos de v\u00e1rios n\u00edveis);<\/p>\n\n\n\n<p>Apresenta\u00e7\u00e3o aos professores da escola IESO sobre Portugal, a regi\u00e3o de Bragan\u00e7a e o AEMT; Momento de reflex\u00e3o sobre a jornada.&#8211;<\/p>\n\n\n<div class=\"wp-block-image\">\n<figure class=\"aligncenter size-large is-resized\"><img loading=\"lazy\" decoding=\"async\" width=\"1024\" height=\"576\" src=\"http:\/\/erasmus.aemigueltorga.pt\/wp-content\/uploads\/2023\/05\/9-4-1024x576.jpg\" alt=\"\" class=\"wp-image-418\" style=\"width:444px;height:249px\" srcset=\"http:\/\/erasmus.aemigueltorga.pt\/wp-content\/uploads\/2023\/05\/9-4-1024x576.jpg 1024w, http:\/\/erasmus.aemigueltorga.pt\/wp-content\/uploads\/2023\/05\/9-4-300x169.jpg 300w, http:\/\/erasmus.aemigueltorga.pt\/wp-content\/uploads\/2023\/05\/9-4-768x432.jpg 768w, http:\/\/erasmus.aemigueltorga.pt\/wp-content\/uploads\/2023\/05\/9-4-1536x864.jpg 1536w, http:\/\/erasmus.aemigueltorga.pt\/wp-content\/uploads\/2023\/05\/9-4.jpg 2000w\" sizes=\"auto, (max-width: 1024px) 100vw, 1024px\" \/><\/figure>\n<\/div>\n\n\n<hr class=\"wp-block-separator has-alpha-channel-opacity\"\/>\n\n\n\n<p>&nbsp;<\/p>\n\n\n\n<p><strong>Job Shadowing em Granada, Espanha:<br>\u00canfase nas metodologias diferenciadas, na inclus\u00e3o, no trabalho colaborativo e&nbsp; de equipa entre docentes e na interculturalidade.<\/strong><\/p>\n\n\n\n<p>A atividade decorreu no Col\u00e9gio&nbsp;Ave Maria, San Isidro, em Granada, Espanha, de <strong>23 a 27 de maio de 2022<\/strong>. As professoras do 1\u00ba ciclo Irene Queijo e Natividade Gon\u00e7alves foram recebidas e acompanhadas pela professora Julia Rodr\u00edguez a quem agradecemos a amabilidade&nbsp;e disponibilidade.<\/p>\n\n\n<div class=\"wp-block-image\">\n<figure class=\"aligncenter size-large is-resized\"><img loading=\"lazy\" decoding=\"async\" width=\"1024\" height=\"582\" src=\"http:\/\/erasmus.aemigueltorga.pt\/wp-content\/uploads\/2023\/05\/primersa-1-1024x582.jpg\" alt=\"\" class=\"wp-image-136\" style=\"width:390px;height:221px\" srcset=\"http:\/\/erasmus.aemigueltorga.pt\/wp-content\/uploads\/2023\/05\/primersa-1-1024x582.jpg 1024w, http:\/\/erasmus.aemigueltorga.pt\/wp-content\/uploads\/2023\/05\/primersa-1-300x171.jpg 300w, http:\/\/erasmus.aemigueltorga.pt\/wp-content\/uploads\/2023\/05\/primersa-1-768x436.jpg 768w, http:\/\/erasmus.aemigueltorga.pt\/wp-content\/uploads\/2023\/05\/primersa-1.jpg 1156w\" sizes=\"auto, (max-width: 1024px) 100vw, 1024px\" \/><\/figure>\n<\/div>\n\n\n<h5 class=\"wp-block-heading\">ATIVIDADES:<\/h5>\n\n\n\n<p><strong>23\/05\/2022<\/strong><br>&nbsp; &nbsp; &nbsp;Acompanhamento da visita de estudo de duas turmas ao Bairro Albaic\u00edn, seguido de piquenique no Colegio&nbsp;Ave Maria San Cristobal.&nbsp;<br><br><strong>24\/05\/2022<\/strong><br>&nbsp; &nbsp; &nbsp;Observa\u00e7\u00e3o de uma aula de l\u00edngua espanhola, 1\u00ba ano, na qual a&nbsp;professora usou o m\u00e9todo Michu para as atividades de leitura e escrita;<br>&nbsp; &nbsp; &nbsp;Participa\u00e7\u00e3o num simulacro;<br>&nbsp; &nbsp; &nbsp;Observa\u00e7\u00e3o de aula de dan\u00e7a e de&nbsp; xadrez;<br>&nbsp; &nbsp; &nbsp;Observa\u00e7\u00e3o de uma aula de matem\u00e1tica, cujo tema foi o uso da&nbsp;calculadora nas opera\u00e7\u00f5es de adi\u00e7\u00e3o e subtra\u00e7\u00e3o;<br>&nbsp; &nbsp; &nbsp;Observa\u00e7\u00e3o de uma aula de educa\u00e7\u00e3o visual, terminar um moinho&nbsp; &nbsp;constru\u00eddo com figuras geom\u00e9tricas relacionado com o conte\u00fado da aula&nbsp;&nbsp;de Matem\u00e1tica.<\/p>\n\n\n<div class=\"wp-block-image\">\n<figure class=\"alignright is-resized\"><img loading=\"lazy\" decoding=\"async\" width=\"2560\" height=\"1920\" src=\"http:\/\/erasmus.aemigueltorga.pt\/wp-content\/uploads\/2023\/05\/foto-2.jpg\" alt=\"\" class=\"wp-image-139\" style=\"width:320px;height:239px\" srcset=\"http:\/\/erasmus.aemigueltorga.pt\/wp-content\/uploads\/2023\/05\/foto-2.jpg 2560w, http:\/\/erasmus.aemigueltorga.pt\/wp-content\/uploads\/2023\/05\/foto-2-300x225.jpg 300w, http:\/\/erasmus.aemigueltorga.pt\/wp-content\/uploads\/2023\/05\/foto-2-1024x768.jpg 1024w, http:\/\/erasmus.aemigueltorga.pt\/wp-content\/uploads\/2023\/05\/foto-2-768x576.jpg 768w, http:\/\/erasmus.aemigueltorga.pt\/wp-content\/uploads\/2023\/05\/foto-2-1536x1152.jpg 1536w, http:\/\/erasmus.aemigueltorga.pt\/wp-content\/uploads\/2023\/05\/foto-2-2048x1536.jpg 2048w\" sizes=\"auto, (max-width: 2560px) 100vw, 2560px\" \/><\/figure>\n<\/div>\n\n\n<p><strong>25\/05\/2022<\/strong><\/p>\n\n\n\n<p>Observa\u00e7\u00e3o de duas aulas de matem\u00e1tica: c\u00e1lculo com n\u00fameros&nbsp; decimais- alunos resolveram os c\u00e1lculos e discutiram o resultado com&nbsp; &nbsp;os seus pares, e trabalho de grupo sobre o sistema sexagesimal &#8211; horas&nbsp; &nbsp; &nbsp; &nbsp;e&nbsp; &nbsp;minutos;<\/p>\n\n\n\n<p>Observa\u00e7\u00e3o de aula de l\u00edngua espanhola sobre gram\u00e1tica;&nbsp;&nbsp;<\/p>\n\n\n\n<p>Aula de m\u00fasica &#8211; desenho da clave de sol e jogos no exterior.<\/p>\n\n\n\n<p><strong>26\/05\/2022<\/strong><\/p>\n\n\n\n<p> &nbsp; &nbsp;Encontro com docentes da escola sobre trabalho colaborativo e de&nbsp;equipa.<\/p>\n\n\n\n<p> &nbsp; &nbsp;Visitas&nbsp;culturais e alguns dos mais importantes monumentos de&nbsp; &nbsp;Granada como o&nbsp; Alhambra, a Catedral de Granada ou a Igreja de S\u00e3o&nbsp; Jo\u00e3o de Deus.<\/p>\n\n\n<div class=\"wp-block-image\">\n<figure class=\"aligncenter size-full is-resized\"><img loading=\"lazy\" decoding=\"async\" width=\"521\" height=\"433\" src=\"http:\/\/erasmus.aemigueltorga.pt\/wp-content\/uploads\/2023\/05\/foto-4.jpg\" alt=\"\" class=\"wp-image-149\" style=\"width:370px;height:307px\" srcset=\"http:\/\/erasmus.aemigueltorga.pt\/wp-content\/uploads\/2023\/05\/foto-4.jpg 521w, http:\/\/erasmus.aemigueltorga.pt\/wp-content\/uploads\/2023\/05\/foto-4-300x249.jpg 300w\" sizes=\"auto, (max-width: 521px) 100vw, 521px\" \/><\/figure>\n<\/div>\n\n\n<p><strong>27\/05\/2022<\/strong><br>&nbsp; &nbsp; Observa\u00e7\u00e3o de uma aula de matem\u00e1tica: resolu\u00e7\u00e3o de problemas;<br>&nbsp; &nbsp; Observa\u00e7\u00e3o de uma aula de l\u00edngua espanhola: ortografia;<br>&nbsp; &nbsp; Observa\u00e7\u00e3o de uma aula de educa\u00e7\u00e3o f\u00edsica: jogos no exterior e aula de&nbsp;dan\u00e7a no interior do pavilh\u00e3o gimnodesportivo;<br>&nbsp; &nbsp; Observa\u00e7\u00e3o de uma aula de m\u00fasica: entoa\u00e7\u00e3o de uma can\u00e7\u00e3o no exterior&nbsp;com ritmos e batimentos corporais.<\/p>\n\n\n\n<figure class=\"wp-block-image is-resized\"><img loading=\"lazy\" decoding=\"async\" width=\"2560\" height=\"1244\" src=\"http:\/\/erasmus.aemigueltorga.pt\/wp-content\/uploads\/2023\/05\/foto-3.jpg\" alt=\"\" class=\"wp-image-148\" style=\"width:579px;height:281px\" srcset=\"http:\/\/erasmus.aemigueltorga.pt\/wp-content\/uploads\/2023\/05\/foto-3.jpg 2560w, http:\/\/erasmus.aemigueltorga.pt\/wp-content\/uploads\/2023\/05\/foto-3-300x146.jpg 300w, http:\/\/erasmus.aemigueltorga.pt\/wp-content\/uploads\/2023\/05\/foto-3-1024x498.jpg 1024w, http:\/\/erasmus.aemigueltorga.pt\/wp-content\/uploads\/2023\/05\/foto-3-768x373.jpg 768w, http:\/\/erasmus.aemigueltorga.pt\/wp-content\/uploads\/2023\/05\/foto-3-1536x746.jpg 1536w, http:\/\/erasmus.aemigueltorga.pt\/wp-content\/uploads\/2023\/05\/foto-3-2048x995.jpg 2048w\" sizes=\"auto, (max-width: 2560px) 100vw, 2560px\" \/><\/figure>\n\n\n\n<figure class=\"wp-block-image is-resized\"><img loading=\"lazy\" decoding=\"async\" width=\"2048\" height=\"1536\" src=\"http:\/\/erasmus.aemigueltorga.pt\/wp-content\/uploads\/2023\/05\/foto-5.jpeg\" alt=\"\" class=\"wp-image-158\" style=\"width:578px;height:433px\" srcset=\"http:\/\/erasmus.aemigueltorga.pt\/wp-content\/uploads\/2023\/05\/foto-5.jpeg 2048w, http:\/\/erasmus.aemigueltorga.pt\/wp-content\/uploads\/2023\/05\/foto-5-300x225.jpeg 300w, http:\/\/erasmus.aemigueltorga.pt\/wp-content\/uploads\/2023\/05\/foto-5-1024x768.jpeg 1024w, http:\/\/erasmus.aemigueltorga.pt\/wp-content\/uploads\/2023\/05\/foto-5-768x576.jpeg 768w, http:\/\/erasmus.aemigueltorga.pt\/wp-content\/uploads\/2023\/05\/foto-5-1536x1152.jpeg 1536w\" sizes=\"auto, (max-width: 2048px) 100vw, 2048px\" \/><\/figure>\n<\/div><\/div>\n\n\n\n<figure class=\"wp-block-image size-large is-resized\"><img loading=\"lazy\" decoding=\"async\" width=\"1024\" height=\"576\" src=\"http:\/\/erasmus.aemigueltorga.pt\/wp-content\/uploads\/2023\/05\/foto-6-1024x576.jpg\" alt=\"\" class=\"wp-image-159\" style=\"width:579px;height:324px\" srcset=\"http:\/\/erasmus.aemigueltorga.pt\/wp-content\/uploads\/2023\/05\/foto-6-1024x576.jpg 1024w, http:\/\/erasmus.aemigueltorga.pt\/wp-content\/uploads\/2023\/05\/foto-6-300x169.jpg 300w, http:\/\/erasmus.aemigueltorga.pt\/wp-content\/uploads\/2023\/05\/foto-6-768x432.jpg 768w, http:\/\/erasmus.aemigueltorga.pt\/wp-content\/uploads\/2023\/05\/foto-6.jpg 1280w\" sizes=\"auto, (max-width: 1024px) 100vw, 1024px\" \/><\/figure>\n","protected":false},"excerpt":{"rendered":"<p>Miguel Esteban, Espanha, 16 a 19 de maio de 2023 As docentes Cec\u00edlia Falc\u00e3o e Rosa Sobral participaram numa atividade de Job Shadowing (observa\u00e7\u00e3o de pr\u00e1ticas) na escola IESO Juan Pati\u00f1o Torres, Miguel Esteban (Castilla La Mancha), que tinha como &hellip; <a href=\"http:\/\/erasmus.aemigueltorga.pt\/?page_id=91\">Continuar a ler <span class=\"meta-nav\">&rarr;<\/span><\/a><\/p>\n","protected":false},"author":2,"featured_media":0,"parent":0,"menu_order":0,"comment_status":"closed","ping_status":"closed","template":"","meta":{"footnotes":""},"class_list":["post-91","page","type-page","status-publish","hentry"],"_links":{"self":[{"href":"http:\/\/erasmus.aemigueltorga.pt\/index.php?rest_route=\/wp\/v2\/pages\/91","targetHints":{"allow":["GET"]}}],"collection":[{"href":"http:\/\/erasmus.aemigueltorga.pt\/index.php?rest_route=\/wp\/v2\/pages"}],"about":[{"href":"http:\/\/erasmus.aemigueltorga.pt\/index.php?rest_route=\/wp\/v2\/types\/page"}],"author":[{"embeddable":true,"href":"http:\/\/erasmus.aemigueltorga.pt\/index.php?rest_route=\/wp\/v2\/users\/2"}],"replies":[{"embeddable":true,"href":"http:\/\/erasmus.aemigueltorga.pt\/index.php?rest_route=%2Fwp%2Fv2%2Fcomments&post=91"}],"version-history":[{"count":30,"href":"http:\/\/erasmus.aemigueltorga.pt\/index.php?rest_route=\/wp\/v2\/pages\/91\/revisions"}],"predecessor-version":[{"id":911,"href":"http:\/\/erasmus.aemigueltorga.pt\/index.php?rest_route=\/wp\/v2\/pages\/91\/revisions\/911"}],"wp:attachment":[{"href":"http:\/\/erasmus.aemigueltorga.pt\/index.php?rest_route=%2Fwp%2Fv2%2Fmedia&parent=91"}],"curies":[{"name":"wp","href":"https:\/\/api.w.org\/{rel}","templated":true}]}}